{"id":396,"date":"2018-07-20T09:42:09","date_gmt":"2018-07-20T07:42:09","guid":{"rendered":"http:\/\/weingut-scherf.de\/weingut\/?page_id=396"},"modified":"2020-08-10T20:22:36","modified_gmt":"2020-08-10T18:22:36","slug":"impressum","status":"publish","type":"page","link":"http:\/\/weingut-scherf.de\/weingut\/impressum\/","title":{"rendered":"IMPRESSUM"},"content":{"rendered":"<p><strong>Herausgeber<\/strong><br \/>\nWeingut Erhard Scherf<br \/>\nOberstra\u00dfe 5<br \/>\n54317 Kasel<\/p>\n<p><strong>Kontakt<\/strong><br \/>\nTel.: 0651 \u2013 5 7 22 6<br \/>\nFax.: 0651 \u2013 99 5 02 46<br \/>\nMobil: 0160 \u2013 975 89 185<br \/>\neMail: info@weingut-scherf.de<\/p>\n<p><strong>Umsatzsteuer-Identifikationsnummer<\/strong><br \/>\nDE149893979<\/p>\n<p><strong>Inhaber<\/strong><br \/>\nErhard Scherf<\/p>\n<p><strong>Zust\u00e4ndige Aufsichtsbeh\u00f6rde<\/strong><br \/>\nMinisterium f\u00fcr Wirtschaft, Verkehr, Landwirtschaft und Weinbau, Stiftsstra\u00dfe 9, 55116 Mainz<\/p>\n<p><strong>Zust\u00e4ndige Kammer<\/strong><br \/>\nLandwirtschaftskammer Rheinland-Pfalz, Burgenlandstra\u00dfe 7, 55543 Bad Kreuznach<\/p>\n<p><strong>Photographie<\/strong><br \/>\n<a href=\"http:\/\/www.estherjansen.de\" rel=\"noopener\" target=\"_blank\">www.estherjansen.de<\/a> und andere<\/p>\n<p><strong>Haftungshinweis<\/strong><br \/>\nWir \u00fcberpr\u00fcfen und aktualisieren die Informationen auf unserer Webseite regelm\u00e4\u00dfig. Trotz aller Sorgfalt k\u00f6nnen sich Daten zwischenzeitlich ver\u00e4ndert haben. Eine Haftung oder Garantie f\u00fcr die Aktualit\u00e4t, Richtigkeit und Vollst\u00e4ndigkeit der Informationen kann daher nicht \u00fcbernommen werden. Gleiches gilt f\u00fcr Websites, auf die verlinkt ist. F\u00fcr den Inhalt der verlinkten Seiten sind ausschlie\u00dflich deren Betreiber verantwortlich.<\/p>\n<p><strong>Copyright<\/strong> \u00a9 2020 \u2013 Weingut Erhard Scherf<br \/>\nAlle Rechte vorbehalten<\/p>\n<p><strong>Gesetzliche Grundlage unserer T\u00e4tigkeit ist das Weingesetz (WeinG 1994)<\/strong><br \/>\n<a href=\"http:\/\/www.gesetze-im-internet.de\/weing_1994\/BJNR146710994.html\" rel=\"noopener\" target=\"_blank\">http:\/\/www.gesetze-im-internet.de\/weing_1994\/BJNR146710994.html<\/a><\/p>\n<p><strong>Das Impressum gilt auch f\u00fcr unsere Facebook und Instagram Seite:<\/strong><br \/>\n<a href=\"https:\/\/www.facebook.com\/ScherfWeinundSekt\/\" rel=\"noopener\" target=\"_blank\">https:\/\/www.facebook.com\/ScherfWeinundSekt\/<\/a><br \/>\n<a href=\"https:\/\/www.instagram.com\/weingut_scherf\/\" rel=\"noopener\" target=\"_blank\">https:\/\/www.instagram.com\/weingut_scherf\/<\/a><\/p>\n<p><strong>Online Streitbeilegung<\/strong><br \/>\nWir weisen an dieser Stelle auf die Plattform zur Online-Streitbeilegung der Europ\u00e4ischen Kommission hin. Zu dieser Internetplattform zur Onlinestreitbeilegung in Verbraucherangelegenheiten gelangen Sie \u00fcber den nachfolgenden Link:<br \/>\n<a href=\"http:\/\/ec.europa.eu\/consumers\/odr\/\" rel=\"noopener\" target=\"_blank\">http:\/\/ec.europa.eu\/consumers\/odr\/<\/a><br \/>\nHiermit informieren wir Sie dar\u00fcber, dass das Weingut Erhard Scherf nicht an dem Streitbeilegungsverfahren einer Verbraucherschlichtungsstelle im Sinne des Verbraucherstreitbeilegungsgesetzes teilnimmt und dazu auch nicht verpflichtet ist.<\/p>\n<p><strong>Kofinanzierung durch Land und Bund im Rahmen der GAK<\/strong><br \/>\nUnser Unternehmen Weingut Erhard Scherf erh\u00e4lt im Rahmen des vom Ministerium f\u00fcr Wirtschaft, Verkehr, Landwirtschaft und Weinbau verwalteten rheinland-pf\u00e4lzischen Entwicklungsprogramms \u201eUmweltma\u00dfnahmen, L\u00e4ndliche Entwicklung, Landwirtschaft, Ern\u00e4hrung&#8220; (EULLE) durch den Europ\u00e4ischen Landwirtschaftsfonds f\u00fcr die Entwicklung des l\u00e4ndlichen Raums (ELER) kofinanziert durch das Land, eine F\u00f6rderung f\u00fcr seine Leistungen:<\/p>\n<div style=\"text-indent: 30px;\">\n<p><strong>in der Agrar- und Klimama\u00dfnahme: <\/strong><\/p>\n<p><strong>Umweltschonender Steil- und Steilstlagenweinbau<\/strong><\/p>\n<p><img decoding=\"async\" loading=\"lazy\" class=\"alignnone size-full wp-image-466\" src=\"http:\/\/weingut-scherf.de\/weingut\/wp-content\/uploads\/2020\/05\/EU.jpg\" alt=\"\" width=\"200\" height=\"132\" \/><\/p>\n<div style=\"text-indent: 30px;\">Europ\u00e4ische Union<\/div>\n<div style=\"text-indent: 30px;\">ELER: hier investiert Europa in die l\u00e4ndlichen Gebiete<\/div>\n<p><img decoding=\"async\" loading=\"lazy\" class=\"alignnone size-full wp-image-465\" src=\"http:\/\/weingut-scherf.de\/weingut\/wp-content\/uploads\/2020\/05\/RLP.jpg\" alt=\"\" width=\"200\" height=\"132\" \/><\/p>\n<\/div>\n<div id=\"gtx-trans\" style=\"position: absolute; left: -18px; top: 875.105px;\">\n<div class=\"gtx-trans-icon\"><\/div>\n<\/div>\n","protected":false},"excerpt":{"rendered":"<p>Herausgeber Weingut Erhard Scherf Oberstra\u00dfe 5 54317 Kasel Kontakt Tel.: 0651 \u2013 5 7 22 6 Fax.: 0651 \u2013 99 5 02 46 Mobil: 0160 \u2013 975 89 185 eMail: info@weingut-scherf.de Umsatzsteuer-Identifikationsnummer DE149893979 Inhaber Erhard Scherf Zust\u00e4ndige Aufsichtsbeh\u00f6rde Ministerium f\u00fcr Wirtschaft, Verkehr, Landwirtschaft und Weinbau, Stiftsstra\u00dfe 9, 55116 Mainz Zust\u00e4ndige &#8230;<\/p>\n","protected":false},"author":1,"featured_media":0,"parent":0,"menu_order":0,"comment_status":"closed","ping_status":"closed","template":"","meta":[],"_links":{"self":[{"href":"http:\/\/weingut-scherf.de\/weingut\/wp-json\/wp\/v2\/pages\/396"}],"collection":[{"href":"http:\/\/weingut-scherf.de\/weingut\/wp-json\/wp\/v2\/pages"}],"about":[{"href":"http:\/\/weingut-scherf.de\/weingut\/wp-json\/wp\/v2\/types\/page"}],"author":[{"embeddable":true,"href":"http:\/\/weingut-scherf.de\/weingut\/wp-json\/wp\/v2\/users\/1"}],"replies":[{"embeddable":true,"href":"http:\/\/weingut-scherf.de\/weingut\/wp-json\/wp\/v2\/comments?post=396"}],"version-history":[{"count":22,"href":"http:\/\/weingut-scherf.de\/weingut\/wp-json\/wp\/v2\/pages\/396\/revisions"}],"predecessor-version":[{"id":518,"href":"http:\/\/weingut-scherf.de\/weingut\/wp-json\/wp\/v2\/pages\/396\/revisions\/518"}],"wp:attachment":[{"href":"http:\/\/weingut-scherf.de\/weingut\/wp-json\/wp\/v2\/media?parent=396"}],"curies":[{"name":"wp","href":"https:\/\/api.w.org\/{rel}","templated":true}]}}